{"id":144,"date":"2023-12-15T15:31:06","date_gmt":"2023-12-15T15:31:06","guid":{"rendered":"https:\/\/vitricer.pt\/?page_id=144"},"modified":"2025-06-27T00:19:48","modified_gmt":"2025-06-27T00:19:48","slug":"termos-de-utilizacao","status":"publish","type":"page","link":"https:\/\/vitricer.pt\/en\/termos-de-utilizacao\/","title":{"rendered":"Termos de utiliza\u00e7\u00e3o"},"content":{"rendered":"<div data-elementor-type=\"wp-page\" data-elementor-id=\"144\" class=\"elementor elementor-144\" data-elementor-post-type=\"page\">\n\t\t\t\t<div class=\"has_eae_slider elementor-element elementor-element-6e94b9a e-flex e-con-boxed e-con e-parent\" data-eae-slider=\"8110\" data-id=\"6e94b9a\" data-element_type=\"container\" data-e-type=\"container\">\n\t\t\t\t\t<div class=\"e-con-inner\">\n\t\t\t\t<div class=\"elementor-element elementor-element-201a9ca elementor-widget elementor-widget-heading\" data-id=\"201a9ca\" data-element_type=\"widget\" data-e-type=\"widget\" data-widget_type=\"heading.default\">\n\t\t\t\t<div class=\"elementor-widget-container\">\n\t\t\t\t\t<h2 class=\"elementor-heading-title elementor-size-default\">TERMOS DE UTILIZA\u00c7\u00c3O\n<\/h2>\t\t\t\t<\/div>\n\t\t\t\t<\/div>\n\t\t\t\t\t<\/div>\n\t\t\t\t<\/div>\n\t\t<div class=\"has_eae_slider elementor-element elementor-element-450a29c e-flex e-con-boxed e-con e-parent\" data-eae-slider=\"15413\" data-id=\"450a29c\" data-element_type=\"container\" data-e-type=\"container\">\n\t\t\t\t\t<div class=\"e-con-inner\">\n\t\t\t\t<div class=\"elementor-element elementor-element-5c02f2b elementor-widget elementor-widget-text-editor\" data-id=\"5c02f2b\" data-element_type=\"widget\" data-e-type=\"widget\" data-widget_type=\"text-editor.default\">\n\t\t\t\t<div class=\"elementor-widget-container\">\n\t\t\t\t\t\t\t\t\t<p><span style=\"font-weight: 400;\">Obrigada por visitar o nosso website e por querer conhecer melhor a <\/span><b>Vitricer &#8211; Fritas e Vidros Cer\u00e2micos Lda.<\/b><\/p>\t\t\t\t\t\t\t\t<\/div>\n\t\t\t\t<\/div>\n\t\t\t\t<div class=\"elementor-element elementor-element-73c2c91 elementor-widget elementor-widget-heading\" data-id=\"73c2c91\" data-element_type=\"widget\" data-e-type=\"widget\" data-widget_type=\"heading.default\">\n\t\t\t\t<div class=\"elementor-widget-container\">\n\t\t\t\t\t<h2 class=\"elementor-heading-title elementor-size-default\">Marcas Registadas\n\n<\/h2>\t\t\t\t<\/div>\n\t\t\t\t<\/div>\n\t\t\t\t<div class=\"elementor-element elementor-element-addf78b elementor-widget elementor-widget-text-editor\" data-id=\"addf78b\" data-element_type=\"widget\" data-e-type=\"widget\" data-widget_type=\"text-editor.default\">\n\t\t\t\t<div class=\"elementor-widget-container\">\n\t\t\t\t\t\t\t\t\t<p><b style=\"color: var( --e-global-color-text ); font-family: var( --e-global-typography-text-font-family ), Sans-serif; text-align: var(--text-align); font-size: 1rem;\">\u00a0<\/b><span style=\"color: var( --e-global-color-text ); font-family: var( --e-global-typography-text-font-family ), Sans-serif; font-weight: var( --e-global-typography-text-font-weight ); text-align: var(--text-align); font-size: 1rem;\">Todas as marcas registadas (nomes de marca, logotipos, embalagens) presentes neste website da <\/span><b style=\"color: var( --e-global-color-text ); font-family: var( --e-global-typography-text-font-family ), Sans-serif; text-align: var(--text-align); font-size: 1rem;\">Vitricer &#8211; Fritas e Vidros Cer\u00e2micos Lda<\/b><span style=\"color: var( --e-global-color-text ); font-family: var( --e-global-typography-text-font-family ), Sans-serif; font-weight: var( --e-global-typography-text-font-weight ); text-align: var(--text-align); font-size: 1rem;\"> s\u00e3o propriedade ou utilizadas sob licen\u00e7a pela <\/span><b style=\"color: var( --e-global-color-text ); font-family: var( --e-global-typography-text-font-family ), Sans-serif; text-align: var(--text-align); font-size: 1rem;\">Vitricer &#8211; Fritas e Vidros Cer\u00e2micos Lda<\/b><span style=\"color: var( --e-global-color-text ); font-family: var( --e-global-typography-text-font-family ), Sans-serif; font-weight: var( --e-global-typography-text-font-weight ); text-align: var(--text-align); font-size: 1rem;\"> ou do GRUPO DURIT \u2013 SGPS, SA. Nenhum conte\u00fado deste website pode ser interpretado no sentido de concess\u00e3o de uma licen\u00e7a, autoriza\u00e7\u00e3o ou direito para usar qualquer marca registada a\u00ed mencionada. O uso ou utiliza\u00e7\u00e3o incorreta ou abusiva das marcas registadas ou de quaisquer outros conte\u00fados deste website s\u00e3o expressamente proibidos. A <\/span><b style=\"color: var( --e-global-color-text ); font-family: var( --e-global-typography-text-font-family ), Sans-serif; text-align: var(--text-align); font-size: 1rem;\">Vitricer &#8211; Fritas e Vidros Cer\u00e2micos Lda <\/b><span style=\"color: var( --e-global-color-text ); font-family: var( --e-global-typography-text-font-family ), Sans-serif; font-weight: var( --e-global-typography-text-font-weight ); text-align: var(--text-align); font-size: 1rem;\">utilizar\u00e1 todos os mecanismos legais para proteger e refor\u00e7ar os seus direitos de propriedade intelectual.<\/span><\/p>\t\t\t\t\t\t\t\t<\/div>\n\t\t\t\t<\/div>\n\t\t\t\t<div class=\"elementor-element elementor-element-4886314 elementor-widget elementor-widget-heading\" data-id=\"4886314\" data-element_type=\"widget\" data-e-type=\"widget\" data-widget_type=\"heading.default\">\n\t\t\t\t<div class=\"elementor-widget-container\">\n\t\t\t\t\t<h2 class=\"elementor-heading-title elementor-size-default\">Conte\u00fado do Site\n\n\n<\/h2>\t\t\t\t<\/div>\n\t\t\t\t<\/div>\n\t\t\t\t<div class=\"elementor-element elementor-element-75e532e elementor-widget elementor-widget-text-editor\" data-id=\"75e532e\" data-element_type=\"widget\" data-e-type=\"widget\" data-widget_type=\"text-editor.default\">\n\t\t\t\t<div class=\"elementor-widget-container\">\n\t\t\t\t\t\t\t\t\t<p>A informa\u00e7\u00e3o presente neste website foi inclu\u00edda de boa f\u00e9 e serve exclusivamente para informa\u00e7\u00e3o geral.<\/p><p>Ainda que sejam usados todos os meios para assegurar a exatid\u00e3o e atualiza\u00e7\u00e3o da informa\u00e7\u00e3o deste website, a\u00a0<b>Vitricer &#8211; Fritas e Vidros Cer\u00e2micos Lda<\/b>\u00a0n\u00e3o assume, em caso algum, qualquer responsabilidade se a informa\u00e7\u00e3o disponibilizada n\u00e3o \u00e9 exata ou completa e reserva-se o direito para realizar altera\u00e7\u00f5es e corre\u00e7\u00f5es no website quando considerar apropriado e sem pr\u00e9-aviso.<\/p><p>O website da\u00a0<b>Vitricer &#8211; Fritas e Vidros Cer\u00e2micos Lda<\/b>\u00a0est\u00e1 protegido por copyright. Todo o copyright ou outros direitos de propriedade intelectual presentes no texto, imagens, som, software e outros conte\u00fados do website s\u00e3o propriedade da\u00a0<b>Vitricer &#8211; Fritas e Vidros Cer\u00e2micos Lda<\/b>. \u00c9 permitida a pesquisa no website da\u00a0<b>Vitricer &#8211; Fritas e Vidros Cer\u00e2micos Lda<\/b>\u00a0e a reprodu\u00e7\u00e3o de excertos atrav\u00e9s de impress\u00e3o, download para o disco ou distribui\u00e7\u00e3o para outras pessoas, mas em todos os casos para fins n\u00e3o comerciais. Esta situa\u00e7\u00e3o \u00e9 apenas permitida sob a condi\u00e7\u00e3o de respeitar os direitos de autor e outros direitos intelectuais e desde que seja efetuada uma men\u00e7\u00e3o \u00e0 marca acima descrita nessas reprodu\u00e7\u00f5es. Apenas \u00e9 permitido o uso dos conte\u00fados do website para utiliza\u00e7\u00e3o pessoal. Nenhuma parte do website poder\u00e1 ser reproduzida para ser vendida ou distribu\u00edda para ganhos comerciais nem poder\u00e1 ser modificada ou incorporada em qualquer outro trabalho, publica\u00e7\u00e3o ou website, tanto no formato eletr\u00f3nico como transfer\u00eancia para qualquer outro website. Nenhuma outra licen\u00e7a ou direitos relacionados com o website da\u00a0<b>Vitricer &#8211; Fritas e Vidros Cer\u00e2micos Lda<\/b>\u00a0s\u00e3o concedidos.<\/p><p>A\u00a0<b>Vitricer &#8211; Fritas e Vidros Cer\u00e2micos Lda<\/b>, qualquer empresa do Grupo e os seus empregados n\u00e3o poder\u00e3o ser respons\u00e1veis por qualquer perda, dano ou despesa (incluindo qualquer perda de lucro, indireta, acidental ou consequencial perda) que advenham da utiliza\u00e7\u00e3o ou acesso a este website.<\/p>\t\t\t\t\t\t\t\t<\/div>\n\t\t\t\t<\/div>\n\t\t\t\t<div class=\"elementor-element elementor-element-c2e2cc4 elementor-widget elementor-widget-heading\" data-id=\"c2e2cc4\" data-element_type=\"widget\" data-e-type=\"widget\" data-widget_type=\"heading.default\">\n\t\t\t\t<div class=\"elementor-widget-container\">\n\t\t\t\t\t<h2 class=\"elementor-heading-title elementor-size-default\">Sites Relacionados\n\n\n\n<\/h2>\t\t\t\t<\/div>\n\t\t\t\t<\/div>\n\t\t\t\t<div class=\"elementor-element elementor-element-bab2c32 elementor-widget elementor-widget-text-editor\" data-id=\"bab2c32\" data-element_type=\"widget\" data-e-type=\"widget\" data-widget_type=\"text-editor.default\">\n\t\t\t\t<div class=\"elementor-widget-container\">\n\t\t\t\t\t\t\t\t\t<p>O website da\u00a0<b>Vitricer &#8211; Fritas e Vidros Cer\u00e2micos Lda<\/b>\u00a0cont\u00e9m hyperlinks ou links que d\u00e3o a possibilidade de acesso a outros websites na internet que s\u00e3o da propriedade e gest\u00e3o de terceiros. A\u00a0<b>Vitricer &#8211; Fritas e Vidros Cer\u00e2micos Lda\u00a0<\/b>apenas oferece a possibilidade de aceder a esses websites, contudo a\u00a0<b>Vitricer &#8211; Fritas e Vidros Cer\u00e2micos Lda<\/b>, nem qualquer membro da empresa, seus empregados ou agentes t\u00eam qualquer responsabilidade nestes websites ou em qualquer informa\u00e7\u00e3o contida neles, nem pelas modifica\u00e7\u00f5es que sejam efetuadas em websites pertencentes a terceiros.<\/p>\t\t\t\t\t\t\t\t<\/div>\n\t\t\t\t<\/div>\n\t\t\t\t<div class=\"elementor-element elementor-element-05c7bb4 elementor-widget elementor-widget-heading\" data-id=\"05c7bb4\" data-element_type=\"widget\" data-e-type=\"widget\" data-widget_type=\"heading.default\">\n\t\t\t\t<div class=\"elementor-widget-container\">\n\t\t\t\t\t<h2 class=\"elementor-heading-title elementor-size-default\">Transmiss\u00e3o de Dados\n\n\n\n<\/h2>\t\t\t\t<\/div>\n\t\t\t\t<\/div>\n\t\t\t\t<div class=\"elementor-element elementor-element-1b02560 elementor-widget elementor-widget-text-editor\" data-id=\"1b02560\" data-element_type=\"widget\" data-e-type=\"widget\" data-widget_type=\"text-editor.default\">\n\t\t\t\t<div class=\"elementor-widget-container\">\n\t\t\t\t\t\t\t\t\t<p><span style=\"font-weight: 400;\">Qualquer conte\u00fado ou comunica\u00e7\u00e3o de dados n\u00e3o pessoais que sejam enviados a esta p\u00e1gina web atrav\u00e9s de correio eletr\u00f3nico ou qualquer outro meio, contendo dados, quest\u00f5es, coment\u00e1rios, sugest\u00f5es ou similares, ser\u00e3o tratados como dados n\u00e3o confidenciais e sem direitos de propriedade.<\/span><\/p><p><br \/><span style=\"font-weight: 400;\">Toda e qualquer informa\u00e7\u00e3o que nos envie ou que coloque nos nossos websites torna-se propriedade da <\/span><b>Vitricer &#8211; Fritas e Vidros Cer\u00e2micos Lda<\/b><span style=\"font-weight: 400;\"> e poder\u00e1 ser usada em qualquer circunst\u00e2ncia.<\/span><\/p>\t\t\t\t\t\t\t\t<\/div>\n\t\t\t\t<\/div>\n\t\t\t\t<div class=\"elementor-element elementor-element-21f130c elementor-widget elementor-widget-heading\" data-id=\"21f130c\" data-element_type=\"widget\" data-e-type=\"widget\" data-widget_type=\"heading.default\">\n\t\t\t\t<div class=\"elementor-widget-container\">\n\t\t\t\t\t<h2 class=\"elementor-heading-title elementor-size-default\">Garantias e Ren\u00fancia de Responsabilidade\n\n\n<\/h2>\t\t\t\t<\/div>\n\t\t\t\t<\/div>\n\t\t\t\t<div class=\"elementor-element elementor-element-eba3f0b elementor-widget elementor-widget-text-editor\" data-id=\"eba3f0b\" data-element_type=\"widget\" data-e-type=\"widget\" data-widget_type=\"text-editor.default\">\n\t\t\t\t<div class=\"elementor-widget-container\">\n\t\t\t\t\t\t\t\t\t<p><span style=\"font-weight: 400;\">A forma como utiliza este website e os conte\u00fados nele presentes \u00e9 exclusivamente da sua responsabilidade e risco.<\/span><\/p>\t\t\t\t\t\t\t\t<\/div>\n\t\t\t\t<\/div>\n\t\t\t\t<div class=\"elementor-element elementor-element-8fd4821 elementor-widget elementor-widget-heading\" data-id=\"8fd4821\" data-element_type=\"widget\" data-e-type=\"widget\" data-widget_type=\"heading.default\">\n\t\t\t\t<div class=\"elementor-widget-container\">\n\t\t\t\t\t<h2 class=\"elementor-heading-title elementor-size-default\">Responsabilidade\n\n<\/h2>\t\t\t\t<\/div>\n\t\t\t\t<\/div>\n\t\t\t\t<div class=\"elementor-element elementor-element-5e07373 elementor-widget elementor-widget-text-editor\" data-id=\"5e07373\" data-element_type=\"widget\" data-e-type=\"widget\" data-widget_type=\"text-editor.default\">\n\t\t\t\t<div class=\"elementor-widget-container\">\n\t\t\t\t\t\t\t\t\t<p><span style=\"font-weight: 400;\">Com a m\u00e1xima amplitude permitida pela legisla\u00e7\u00e3o aplic\u00e1vel, o usu\u00e1rio declara renunciar expressamente \u00e0 apresenta\u00e7\u00e3o de qualquer reclama\u00e7\u00e3o contra a Lactogal e seus respons\u00e1veis e colaboradores que possa resultar do uso ou acesso a esta p\u00e1gina web.<\/span><\/p>\t\t\t\t\t\t\t\t<\/div>\n\t\t\t\t<\/div>\n\t\t\t\t<div class=\"elementor-element elementor-element-6d7c57d elementor-widget elementor-widget-heading\" data-id=\"6d7c57d\" data-element_type=\"widget\" data-e-type=\"widget\" data-widget_type=\"heading.default\">\n\t\t\t\t<div class=\"elementor-widget-container\">\n\t\t\t\t\t<h2 class=\"elementor-heading-title elementor-size-default\">Atividades Proibidas\n\n<\/h2>\t\t\t\t<\/div>\n\t\t\t\t<\/div>\n\t\t\t\t<div class=\"elementor-element elementor-element-27d55b0 elementor-widget elementor-widget-text-editor\" data-id=\"27d55b0\" data-element_type=\"widget\" data-e-type=\"widget\" data-widget_type=\"text-editor.default\">\n\t\t\t\t<div class=\"elementor-widget-container\">\n\t\t\t\t\t\t\t\t\t<p><span style=\"font-weight: 400;\">Est\u00e3o proibidas quaisquer atividades que sejam consideradas pela Lactogal como inapropriadas e\/ou que sejam suscet\u00edveis de serem ilegais de acordo com a legisla\u00e7\u00e3o aplic\u00e1vel a esta p\u00e1gina web, incluindo, mas n\u00e3o limitado a:<\/span><\/p><ul><li style=\"font-weight: 400;\" aria-level=\"1\"><span style=\"font-weight: 400;\">Qualquer ato que possa constituir uma viola\u00e7\u00e3o da privacidade (incluindo o envio para este website de informa\u00e7\u00f5es privadas sem o consentimento da pessoa afetada) ou de quaisquer outros direitos legais das pessoas f\u00edsicas;<\/span><\/li><\/ul><p>\u00a0<\/p><ul><li style=\"font-weight: 400;\" aria-level=\"1\"><span style=\"font-weight: 400;\">Usar este website para difamar e\/ou injuriar a <\/span><b>Vitricer &#8211; Fritas e Vidros Cer\u00e2micos Lda<\/b><span style=\"font-weight: 400;\"> os seus colaboradores, ou outras pessoas f\u00edsicas e\/ou coletivas, ou atuar de forma a desacreditar a reputa\u00e7\u00e3o da <\/span><b>Vitricer &#8211; Fritas e Vidros Cer\u00e2micos Lda<\/b><span style=\"font-weight: 400;\">.<\/span><\/li><li style=\"font-weight: 400;\" aria-level=\"1\"><span style=\"font-weight: 400;\">Enviar para este website ficheiros que contenham v\u00edrus que possam causar danos \u00e0 propriedade da <\/span><b>Vitricer &#8211; Fritas e Vidros Cer\u00e2micos Lda<\/b><span style=\"font-weight: 400;\"> ou \u00e0 propriedade de pessoas f\u00edsicas;<\/span><\/li><li style=\"font-weight: 400;\" aria-level=\"1\"><span style=\"font-weight: 400;\">Colocar ou transmitir para este website qualquer conte\u00fado n\u00e3o autorizado, incluindo, mas n\u00e3o limitado a conte\u00fados que provavelmente causem danos ou preju\u00edzos ou, ainda, que violem os sistemas de seguran\u00e7a da rede do GRUPO DURIT \u2013 SGPS, SA ou de terceiras pessoas, conte\u00fados que sejam difamat\u00f3rios, racistas, obscenos, amea\u00e7adores, de conte\u00fado pornogr\u00e1fico ou que se apresentem com conte\u00fados suscet\u00edveis de serem qualificados como il\u00edcitos em geral.<\/span><\/li><\/ul>\t\t\t\t\t\t\t\t<\/div>\n\t\t\t\t<\/div>\n\t\t\t\t<div class=\"elementor-element elementor-element-21c47cd elementor-widget elementor-widget-heading\" data-id=\"21c47cd\" data-element_type=\"widget\" data-e-type=\"widget\" data-widget_type=\"heading.default\">\n\t\t\t\t<div class=\"elementor-widget-container\">\n\t\t\t\t\t<h2 class=\"elementor-heading-title elementor-size-default\">Cookie Policy\n\n<\/h2>\t\t\t\t<\/div>\n\t\t\t\t<\/div>\n\t\t\t\t<div class=\"elementor-element elementor-element-a76966f elementor-widget elementor-widget-text-editor\" data-id=\"a76966f\" data-element_type=\"widget\" data-e-type=\"widget\" data-widget_type=\"text-editor.default\">\n\t\t\t\t<div class=\"elementor-widget-container\">\n\t\t\t\t\t\t\t\t\t<p><span style=\"font-weight: 400;\">No site institucional da <\/span><b>Vitricer &#8211; Fritas e Vidros Cer\u00e2micos Lda<\/b><span style=\"font-weight: 400;\"> temos ativadas cookies com objetivos de melhorar a experi\u00eancia de utiliza\u00e7\u00e3o e de recolha de estat\u00edsticas (n\u00e3o s\u00e3o passados dados pessoais em nenhum dos casos). Estas cookies funcionam de acordo com a Pol\u00edtica de Privacidade em vigor.<\/span><\/p>\t\t\t\t\t\t\t\t<\/div>\n\t\t\t\t<\/div>\n\t\t\t\t<div class=\"elementor-element elementor-element-f47a09c elementor-widget elementor-widget-heading\" data-id=\"f47a09c\" data-element_type=\"widget\" data-e-type=\"widget\" data-widget_type=\"heading.default\">\n\t\t\t\t<div class=\"elementor-widget-container\">\n\t\t\t\t\t<h2 class=\"elementor-heading-title elementor-size-default\">Pol\u00edtica de Privacidade e Dados Pessoais\n\n<\/h2>\t\t\t\t<\/div>\n\t\t\t\t<\/div>\n\t\t\t\t<div class=\"elementor-element elementor-element-49dc053 elementor-widget elementor-widget-text-editor\" data-id=\"49dc053\" data-element_type=\"widget\" data-e-type=\"widget\" data-widget_type=\"text-editor.default\">\n\t\t\t\t<div class=\"elementor-widget-container\">\n\t\t\t\t\t\t\t\t\t<p><span style=\"font-weight: 400;\">A <\/span><b>Vitricer &#8211; Fritas e Vidros Cer\u00e2micos Lda<\/b><span style=\"font-weight: 400;\"> enquanto entidade respons\u00e1vel pelo tratamento de dados pessoais adota as condutas e implementa os mecanismos que sejam necess\u00e1rios para assegurar o estrito cumprimento da legisla\u00e7\u00e3o relativa aos dados pessoais que esteja, a todo o momento, em vigor, relativo \u00e0 prote\u00e7\u00e3o das pessoas singulares no que diz respeito ao tratamento de dados pessoais e \u00e0 livre circula\u00e7\u00e3o desses dados.<\/span><\/p><p>\u00a0<\/p><p><span style=\"font-weight: 400;\">Para esse efeito, a <\/span><b>Vitricer &#8211; Fritas e Vidros Cer\u00e2micos Lda <\/b><span style=\"font-weight: 400;\">aprova e implementa uma Pol\u00edtica de Privacidade (dispon\u00edvel neste website), que faz parte integrante dos Termos de Utiliza\u00e7\u00e3o e dota este website das funcionalidades necess\u00e1rias ao exerc\u00edcio dos direitos do utilizador, enquanto titular de dados pessoais, bem como implementa mecanismos de seguran\u00e7a que protejam os referidos dados pessoais contra intromiss\u00f5es il\u00edcitas e acessos indevidos.<\/span><\/p>\t\t\t\t\t\t\t\t<\/div>\n\t\t\t\t<\/div>\n\t\t\t\t<div class=\"elementor-element elementor-element-45b1587 elementor-widget elementor-widget-heading\" data-id=\"45b1587\" data-element_type=\"widget\" data-e-type=\"widget\" data-widget_type=\"heading.default\">\n\t\t\t\t<div class=\"elementor-widget-container\">\n\t\t\t\t\t<h2 class=\"elementor-heading-title elementor-size-default\">Jurisdi\u00e7\u00e3o e legisla\u00e7\u00e3o aplic\u00e1vel\n\n<\/h2>\t\t\t\t<\/div>\n\t\t\t\t<\/div>\n\t\t\t\t<div class=\"elementor-element elementor-element-e0affc4 elementor-widget elementor-widget-text-editor\" data-id=\"e0affc4\" data-element_type=\"widget\" data-e-type=\"widget\" data-widget_type=\"text-editor.default\">\n\t\t\t\t<div class=\"elementor-widget-container\">\n\t\t\t\t\t\t\t\t\t<p><span style=\"font-weight: 400;\">O usu\u00e1rio desta p\u00e1gina e a <\/span><b>Vitricer &#8211; Fritas e Vidros Cer\u00e2micos Lda<\/b><span style=\"font-weight: 400;\"> aceitam sem reservas que qualquer diferendo ou lit\u00edgio resultante do uso desta p\u00e1gina web ser\u00e1 regido pela lei portuguesa, convencionando-se como competente, com expressa ren\u00fancia a qualquer outro, o foro da comarca de Aveiro, Portugal.<\/span><\/p>\t\t\t\t\t\t\t\t<\/div>\n\t\t\t\t<\/div>\n\t\t\t\t\t<\/div>\n\t\t\t\t<\/div>\n\t\t<div class=\"has_eae_slider elementor-element elementor-element-755d370 e-flex e-con-boxed e-con e-parent\" data-eae-slider=\"58592\" data-id=\"755d370\" data-element_type=\"container\" data-e-type=\"container\">\n\t\t\t\t\t<div class=\"e-con-inner\">\n\t\t\t\t<div class=\"elementor-element elementor-element-eb5406b elementor-align-left elementor-widget elementor-widget-button\" data-id=\"eb5406b\" data-element_type=\"widget\" data-e-type=\"widget\" data-widget_type=\"button.default\">\n\t\t\t\t<div class=\"elementor-widget-container\">\n\t\t\t\t\t\t\t\t\t<div class=\"elementor-button-wrapper\">\n\t\t\t\t\t<a class=\"elementor-button elementor-button-link elementor-size-sm\" href=\"https:\/\/vitricer.pt\/en\">\n\t\t\t\t\t\t<span class=\"elementor-button-content-wrapper\">\n\t\t\t\t\t\t\t\t\t<span class=\"elementor-button-text\">VOLTAR<\/span>\n\t\t\t\t\t<\/span>\n\t\t\t\t\t<\/a>\n\t\t\t\t<\/div>\n\t\t\t\t\t\t\t\t<\/div>\n\t\t\t\t<\/div>\n\t\t\t\t\t<\/div>\n\t\t\t\t<\/div>\n\t\t\t\t<\/div>","protected":false},"excerpt":{"rendered":"<p>TERMOS DE UTILIZA\u00c7\u00c3O Obrigada por visitar o nosso website e por querer conhecer melhor a Vitricer &#8211; Fritas e Vidros Cer\u00e2micos Lda. Marcas Registadas \u00a0Todas as marcas registadas (nomes de marca, logotipos, embalagens) presentes neste website da Vitricer &#8211; Fritas e Vidros Cer\u00e2micos Lda s\u00e3o propriedade ou utilizadas sob licen\u00e7a pela Vitricer &#8211; Fritas e [&hellip;]<\/p>\n","protected":false},"author":2,"featured_media":0,"parent":0,"menu_order":0,"comment_status":"closed","ping_status":"closed","template":"","meta":{"_acf_changed":false,"footnotes":""},"class_list":["post-144","page","type-page","status-publish","hentry"],"acf":[],"yoast_head":"<!-- This site is optimized with the Yoast SEO plugin v27.5 - https:\/\/yoast.com\/product\/yoast-seo-wordpress\/ -->\n<title>Termos de utiliza\u00e7\u00e3o - Vitricer<\/title>\n<meta name=\"robots\" content=\"index, follow, max-snippet:-1, max-image-preview:large, max-video-preview:-1\" \/>\n<link rel=\"canonical\" href=\"https:\/\/vitricer.pt\/en\/termos-de-utilizacao\/\" \/>\n<meta property=\"og:locale\" content=\"en_GB\" \/>\n<meta property=\"og:type\" content=\"article\" \/>\n<meta property=\"og:title\" content=\"Termos de utiliza\u00e7\u00e3o - Vitricer\" \/>\n<meta property=\"og:description\" content=\"TERMOS DE UTILIZA\u00c7\u00c3O Obrigada por visitar o nosso website e por querer conhecer melhor a Vitricer &#8211; Fritas e Vidros Cer\u00e2micos Lda. Marcas Registadas \u00a0Todas as marcas registadas (nomes de marca, logotipos, embalagens) presentes neste website da Vitricer &#8211; Fritas e Vidros Cer\u00e2micos Lda s\u00e3o propriedade ou utilizadas sob licen\u00e7a pela Vitricer &#8211; Fritas e [&hellip;]\" \/>\n<meta property=\"og:url\" content=\"https:\/\/vitricer.pt\/en\/termos-de-utilizacao\/\" \/>\n<meta property=\"og:site_name\" content=\"Vitricer\" \/>\n<meta property=\"article:modified_time\" content=\"2025-06-27T00:19:48+00:00\" \/>\n<meta name=\"twitter:card\" content=\"summary_large_image\" \/>\n<meta name=\"twitter:label1\" content=\"Estimated reading time\" \/>\n\t<meta name=\"twitter:data1\" content=\"6 minutes\" \/>\n<script type=\"application\/ld+json\" class=\"yoast-schema-graph\">{\"@context\":\"https:\\\/\\\/schema.org\",\"@graph\":[{\"@type\":\"WebPage\",\"@id\":\"https:\\\/\\\/vitricer.pt\\\/termos-de-utilizacao\\\/\",\"url\":\"https:\\\/\\\/vitricer.pt\\\/termos-de-utilizacao\\\/\",\"name\":\"Termos de utiliza\u00e7\u00e3o - Vitricer\",\"isPartOf\":{\"@id\":\"https:\\\/\\\/vitricer.pt\\\/#website\"},\"datePublished\":\"2023-12-15T15:31:06+00:00\",\"dateModified\":\"2025-06-27T00:19:48+00:00\",\"breadcrumb\":{\"@id\":\"https:\\\/\\\/vitricer.pt\\\/termos-de-utilizacao\\\/#breadcrumb\"},\"inLanguage\":\"en-GB\",\"potentialAction\":[{\"@type\":\"ReadAction\",\"target\":[\"https:\\\/\\\/vitricer.pt\\\/termos-de-utilizacao\\\/\"]}]},{\"@type\":\"BreadcrumbList\",\"@id\":\"https:\\\/\\\/vitricer.pt\\\/termos-de-utilizacao\\\/#breadcrumb\",\"itemListElement\":[{\"@type\":\"ListItem\",\"position\":1,\"name\":\"In\u00edcio\",\"item\":\"https:\\\/\\\/vitricer.pt\\\/\"},{\"@type\":\"ListItem\",\"position\":2,\"name\":\"Termos de utiliza\u00e7\u00e3o\"}]},{\"@type\":\"WebSite\",\"@id\":\"https:\\\/\\\/vitricer.pt\\\/#website\",\"url\":\"https:\\\/\\\/vitricer.pt\\\/\",\"name\":\"Vitricer\",\"description\":\"\",\"publisher\":{\"@id\":\"https:\\\/\\\/vitricer.pt\\\/#organization\"},\"potentialAction\":[{\"@type\":\"SearchAction\",\"target\":{\"@type\":\"EntryPoint\",\"urlTemplate\":\"https:\\\/\\\/vitricer.pt\\\/?s={search_term_string}\"},\"query-input\":{\"@type\":\"PropertyValueSpecification\",\"valueRequired\":true,\"valueName\":\"search_term_string\"}}],\"inLanguage\":\"en-GB\"},{\"@type\":\"Organization\",\"@id\":\"https:\\\/\\\/vitricer.pt\\\/#organization\",\"name\":\"Vitricer\",\"url\":\"https:\\\/\\\/vitricer.pt\\\/\",\"logo\":{\"@type\":\"ImageObject\",\"inLanguage\":\"en-GB\",\"@id\":\"https:\\\/\\\/vitricer.pt\\\/#\\\/schema\\\/logo\\\/image\\\/\",\"url\":\"https:\\\/\\\/vitricer.pt\\\/wp-content\\\/uploads\\\/2024\\\/07\\\/vitricer_logo_header.svg\",\"contentUrl\":\"https:\\\/\\\/vitricer.pt\\\/wp-content\\\/uploads\\\/2024\\\/07\\\/vitricer_logo_header.svg\",\"width\":353,\"height\":128,\"caption\":\"Vitricer\"},\"image\":{\"@id\":\"https:\\\/\\\/vitricer.pt\\\/#\\\/schema\\\/logo\\\/image\\\/\"}}]}<\/script>\n<!-- \/ Yoast SEO plugin. -->","yoast_head_json":{"title":"Termos de utiliza\u00e7\u00e3o - Vitricer","robots":{"index":"index","follow":"follow","max-snippet":"max-snippet:-1","max-image-preview":"max-image-preview:large","max-video-preview":"max-video-preview:-1"},"canonical":"https:\/\/vitricer.pt\/en\/termos-de-utilizacao\/","og_locale":"en_GB","og_type":"article","og_title":"Termos de utiliza\u00e7\u00e3o - Vitricer","og_description":"TERMOS DE UTILIZA\u00c7\u00c3O Obrigada por visitar o nosso website e por querer conhecer melhor a Vitricer &#8211; Fritas e Vidros Cer\u00e2micos Lda. Marcas Registadas \u00a0Todas as marcas registadas (nomes de marca, logotipos, embalagens) presentes neste website da Vitricer &#8211; Fritas e Vidros Cer\u00e2micos Lda s\u00e3o propriedade ou utilizadas sob licen\u00e7a pela Vitricer &#8211; Fritas e [&hellip;]","og_url":"https:\/\/vitricer.pt\/en\/termos-de-utilizacao\/","og_site_name":"Vitricer","article_modified_time":"2025-06-27T00:19:48+00:00","twitter_card":"summary_large_image","twitter_misc":{"Estimated reading time":"6 minutes"},"schema":{"@context":"https:\/\/schema.org","@graph":[{"@type":"WebPage","@id":"https:\/\/vitricer.pt\/termos-de-utilizacao\/","url":"https:\/\/vitricer.pt\/termos-de-utilizacao\/","name":"Termos de utiliza\u00e7\u00e3o - Vitricer","isPartOf":{"@id":"https:\/\/vitricer.pt\/#website"},"datePublished":"2023-12-15T15:31:06+00:00","dateModified":"2025-06-27T00:19:48+00:00","breadcrumb":{"@id":"https:\/\/vitricer.pt\/termos-de-utilizacao\/#breadcrumb"},"inLanguage":"en-GB","potentialAction":[{"@type":"ReadAction","target":["https:\/\/vitricer.pt\/termos-de-utilizacao\/"]}]},{"@type":"BreadcrumbList","@id":"https:\/\/vitricer.pt\/termos-de-utilizacao\/#breadcrumb","itemListElement":[{"@type":"ListItem","position":1,"name":"In\u00edcio","item":"https:\/\/vitricer.pt\/"},{"@type":"ListItem","position":2,"name":"Termos de utiliza\u00e7\u00e3o"}]},{"@type":"WebSite","@id":"https:\/\/vitricer.pt\/#website","url":"https:\/\/vitricer.pt\/","name":"Vitricer","description":"","publisher":{"@id":"https:\/\/vitricer.pt\/#organization"},"potentialAction":[{"@type":"SearchAction","target":{"@type":"EntryPoint","urlTemplate":"https:\/\/vitricer.pt\/?s={search_term_string}"},"query-input":{"@type":"PropertyValueSpecification","valueRequired":true,"valueName":"search_term_string"}}],"inLanguage":"en-GB"},{"@type":"Organization","@id":"https:\/\/vitricer.pt\/#organization","name":"Vitricer","url":"https:\/\/vitricer.pt\/","logo":{"@type":"ImageObject","inLanguage":"en-GB","@id":"https:\/\/vitricer.pt\/#\/schema\/logo\/image\/","url":"https:\/\/vitricer.pt\/wp-content\/uploads\/2024\/07\/vitricer_logo_header.svg","contentUrl":"https:\/\/vitricer.pt\/wp-content\/uploads\/2024\/07\/vitricer_logo_header.svg","width":353,"height":128,"caption":"Vitricer"},"image":{"@id":"https:\/\/vitricer.pt\/#\/schema\/logo\/image\/"}}]}},"_links":{"self":[{"href":"https:\/\/vitricer.pt\/en\/wp-json\/wp\/v2\/pages\/144","targetHints":{"allow":["GET"]}}],"collection":[{"href":"https:\/\/vitricer.pt\/en\/wp-json\/wp\/v2\/pages"}],"about":[{"href":"https:\/\/vitricer.pt\/en\/wp-json\/wp\/v2\/types\/page"}],"author":[{"embeddable":true,"href":"https:\/\/vitricer.pt\/en\/wp-json\/wp\/v2\/users\/2"}],"replies":[{"embeddable":true,"href":"https:\/\/vitricer.pt\/en\/wp-json\/wp\/v2\/comments?post=144"}],"version-history":[{"count":25,"href":"https:\/\/vitricer.pt\/en\/wp-json\/wp\/v2\/pages\/144\/revisions"}],"predecessor-version":[{"id":637,"href":"https:\/\/vitricer.pt\/en\/wp-json\/wp\/v2\/pages\/144\/revisions\/637"}],"wp:attachment":[{"href":"https:\/\/vitricer.pt\/en\/wp-json\/wp\/v2\/media?parent=144"}],"curies":[{"name":"wp","href":"https:\/\/api.w.org\/{rel}","templated":true}]}}